{"id":1451,"date":"2025-02-09T15:48:11","date_gmt":"2025-02-09T12:48:11","guid":{"rendered":"https:\/\/aytens.com\/magaza\/?post_type=product&#038;p=1451"},"modified":"2026-01-11T21:36:12","modified_gmt":"2026-01-11T18:36:12","slug":"dogal-barok-inci-dorika-celik-zincirli-bileklik","status":"publish","type":"product","link":"https:\/\/aytens.com\/magaza\/urun\/dogal-barok-inci-dorika-celik-zincirli-bileklik\/","title":{"rendered":"Do\u011fal Barok \u0130nci, Dorika \u00c7elik Zincirli Bileklik"},"content":{"rendered":"<p>Do\u011fal Barok \u0130nci, Dorika \u00c7elik Zincirli Bileklik \u00dcr\u00fcn A\u00e7\u0131klamas\u0131Zarafetin ve \u015f\u0131kl\u0131\u011f\u0131n m\u00fckemmel birle\u015fimi!Bu \u00f6zel tasar\u0131m bileklik, do\u011fal barok incilerin e\u015fsiz g\u00fczelli\u011fini, dorika \u00e7elik zincirin modern dokunu\u015fuyla bir araya getiriyor. Her biri \u00f6zenle se\u00e7ilmi\u015f do\u011fal barok inciler, bile\u011finize sofistike bir hava katarken, dorika zincirin \u0131\u015f\u0131lt\u0131s\u0131 her kombini tamaml\u0131yor.\u00d6zellikleri\u00a0Do\u011fal Barok \u0130nciler: Her biri benzersiz \u015fekil ve boyutta olan do\u011fal barok inciler, bilekli\u011fe do\u011fal ve zarif bir g\u00f6r\u00fcn\u00fcm kazand\u0131r\u0131yor.\u00a0Bundan dolay\u0131 inci tanesinin formu g\u00f6rseldekinden de\u011fi\u015fiklik g\u00f6sterebilir.\u00a0Dorika \u00c7elik Zincir: Modern ve g\u00f6z al\u0131c\u0131 tasar\u0131m\u0131yla dikkat \u00e7eken dorika \u00e7elik zincir, bilekli\u011fi tamamlayarak \u015f\u0131k bir duru\u015f sergiliyor.\u00a0Y\u00fcksek Kaliteli Malzeme: Paslanmaz \u00e7elik ve do\u011fal incilerden \u00fcretilen bileklik, uzun \u00f6m\u00fcrl\u00fc ve dayan\u0131kl\u0131d\u0131r.\u00a0Ayarlanabilir Boyut: Bile\u011finize m\u00fckemmel uyum sa\u011flamas\u0131 i\u00e7in ayarlanabilir boyuta sahiptir.\u00a0\u015e\u0131k Tasar\u0131m: Hem g\u00fcnl\u00fck kullan\u0131ma hem de \u00f6zel g\u00fcnlere uygun, zarif ve modern bir tasar\u0131ma sahiptir.Neden Bu Bilekli\u011fi Se\u00e7melisiniz?\u00a0E\u015fsiz ve Do\u011fal: Her biri benzersiz olan do\u011fal barok inciler, bilekli\u011fe ki\u015fisel bir dokunu\u015f kat\u0131yor.\u00a0\u00a0Modern ve \u015e\u0131k: Dorika \u00e7elik zincir, bilekli\u011fi modern ve trend bir hale getiriyor.\u00a0Kaliteli Malzeme: Y\u00fcksek kaliteli malzemelerden \u00fcretilen bileklik, uzun y\u0131llar boyunca g\u00fczelli\u011fini koruyor.\u00a0\u00c7ok Y\u00f6nl\u00fc Kullan\u0131m: G\u00fcnl\u00fck hayatta veya \u00f6zel g\u00fcnlerde, her tarzla kombinlenebilir.\u00a0M\u00fckemmel Bir Hediye: Sevdiklerinize unutulmaz bir hediye vermek i\u00e7in ideal bir se\u00e7enek.Bu &#8220;Do\u011fal Barok \u0130nci, Dorika \u00c7elik Zincirli Bileklik&#8221; ile tarz\u0131n\u0131za zarafet ve modern bir dokunu\u015f kat\u0131n. Kendiniz veya sevdikleriniz i\u00e7in ideal bir se\u00e7im!<\/p>\n","protected":false},"excerpt":{"rendered":"<p>Do\u011fal Barok \u0130nci, Dorika \u00c7elik Zincirli Bileklik \u00dcr\u00fcn A\u00e7\u0131klamas\u0131Zarafetin ve \u015f\u0131kl\u0131\u011f\u0131n m\u00fckemmel birle\u015fimi!Bu \u00f6zel tasar\u0131m bileklik, do\u011fal barok incilerin e\u015fsiz g\u00fczelli\u011fini, dorika \u00e7elik zincirin modern dokunu\u015fuyla bir araya getiriyor. Her biri \u00f6zenle se\u00e7ilmi\u015f do\u011fal barok inciler, bile\u011finize sofistike bir hava katarken, dorika zincirin \u0131\u015f\u0131lt\u0131s\u0131 her kombini tamaml\u0131yor.\u00d6zellikleri\u00a0Do\u011fal Barok \u0130nciler: Her biri benzersiz \u015fekil ve boyutta [&hellip;]<\/p>\n","protected":false},"featured_media":1441,"comment_status":"open","ping_status":"closed","template":"","meta":{"advanced_seo_description":"","jetpack_seo_html_title":"","jetpack_seo_noindex":false,"jetpack_publicize_message":"","jetpack_publicize_feature_enabled":true,"jetpack_social_post_already_shared":false,"jetpack_social_options":{"image_generator_settings":{"template":"highway","default_image_id":0,"font":"","enabled":false},"version":2}},"product_brand":[146],"product_cat":[22,31],"product_tag":[38,97,89,58,40,62,37,36,43,57,99,59,98,39],"class_list":{"0":"post-1451","1":"product","2":"type-product","3":"status-publish","4":"has-post-thumbnail","6":"product_brand-aytens-taki","7":"product_cat-bileklik","8":"product_cat-inci-bileklik","9":"product_tag-barok-inci","10":"product_tag-bileklik","11":"product_tag-celik","12":"product_tag-celik-zincir","13":"product_tag-dogal-inci","14":"product_tag-dorika-zincir","15":"product_tag-gercek-inci","16":"product_tag-inci","17":"product_tag-inci-bileklik","18":"product_tag-kultur-incisi","19":"product_tag-moda","20":"product_tag-paslanmaz-celik","21":"product_tag-tarz","22":"product_tag-tatli-su-incisi","23":"product_shipping_class-standart-kargo","25":"first","26":"instock","27":"purchasable","28":"product-type-variable"},"jetpack_publicize_connections":[],"jetpack_sharing_enabled":true,"_links":{"self":[{"href":"https:\/\/aytens.com\/magaza\/wp-json\/wp\/v2\/product\/1451","targetHints":{"allow":["GET"]}}],"collection":[{"href":"https:\/\/aytens.com\/magaza\/wp-json\/wp\/v2\/product"}],"about":[{"href":"https:\/\/aytens.com\/magaza\/wp-json\/wp\/v2\/types\/product"}],"replies":[{"embeddable":true,"href":"https:\/\/aytens.com\/magaza\/wp-json\/wp\/v2\/comments?post=1451"}],"wp:featuredmedia":[{"embeddable":true,"href":"https:\/\/aytens.com\/magaza\/wp-json\/wp\/v2\/media\/1441"}],"wp:attachment":[{"href":"https:\/\/aytens.com\/magaza\/wp-json\/wp\/v2\/media?parent=1451"}],"wp:term":[{"taxonomy":"product_brand","embeddable":true,"href":"https:\/\/aytens.com\/magaza\/wp-json\/wp\/v2\/product_brand?post=1451"},{"taxonomy":"product_cat","embeddable":true,"href":"https:\/\/aytens.com\/magaza\/wp-json\/wp\/v2\/product_cat?post=1451"},{"taxonomy":"product_tag","embeddable":true,"href":"https:\/\/aytens.com\/magaza\/wp-json\/wp\/v2\/product_tag?post=1451"}],"curies":[{"name":"wp","href":"https:\/\/api.w.org\/{rel}","templated":true}]}}