{"id":2544,"date":"2026-01-24T11:38:01","date_gmt":"2026-01-24T08:38:01","guid":{"rendered":"https:\/\/aytens.com\/magaza\/?post_type=product&#038;p=2544"},"modified":"2026-01-25T12:42:02","modified_gmt":"2026-01-25T09:42:02","slug":"martenicka-dilek-sans-bilekligi-dogal-incili-3lu","status":"publish","type":"product","link":"https:\/\/aytens.com\/magaza\/urun\/martenicka-dilek-sans-bilekligi-dogal-incili-3lu\/","title":{"rendered":"Marteni\u00e7ka dilek \u015fans bilekli\u011fi do\u011fal incili 3&#8217;l\u00fc"},"content":{"rendered":"<p>Marteni\u00e7ka Bileklik &#8211; Bahar\u0131n M\u00fcjdecisi, U\u011fur ve Sa\u011fl\u0131k Sembol\u00fc\u00a0Marteni\u00e7ka, bahar\u0131n geli\u015fini m\u00fcjdeleyen, geleneksel bir Balkan gelene\u011fi olan k\u0131rm\u0131z\u0131 ve beyaz iplerden \u00f6r\u00fclm\u00fc\u015f \u00f6zel bir bilekliktir. 1 Mart&#8217;tan itibaren tak\u0131lan bu bileklik, bahar\u0131n co\u015fkusunu ve yenilenmeyi simgeler. K\u0131rm\u0131z\u0131 renk sa\u011fl\u0131k ve g\u00fcc\u00fc, beyaz renk ise safl\u0131k ve uzun \u00f6mr\u00fc temsil eder.\u00d6zellikleri:\u00a0El Yap\u0131m\u0131:Her bir bileklik, geleneksel y\u00f6ntemlerle \u00f6zenle elde yap\u0131lm\u0131\u015ft\u0131r.\u00a0Malzeme:Y\u00fcksek kaliteli pamuk iplik kullan\u0131larak \u00fcretilmi\u015ftir.\u00a0Renkler:Geleneksel olarak k\u0131rm\u0131z\u0131 ve beyaz renklerde tasarlanm\u0131\u015ft\u0131r.\u00a0Anlam\u0131:Bahar\u0131n geli\u015fini kutlamak, sa\u011fl\u0131k, g\u00fc\u00e7 ve bereket dilemek i\u00e7in tak\u0131l\u0131r.\u00a0Kullan\u0131m:Mart ay\u0131 boyunca bilekte ta\u015f\u0131n\u0131r ve leylek veya k\u0131rlang\u0131\u00e7 g\u00f6r\u00fcld\u00fc\u011f\u00fcnde bir meyve a\u011fac\u0131na ba\u011flanarak dilek dilenir.Neden Marteni\u00e7ka Takmal\u0131s\u0131n\u0131z?Bahar\u0131n geli\u015fini kutlamak ve do\u011fan\u0131n uyan\u0131\u015f\u0131na ortak olmak i\u00e7in.Sevdiklerinize sa\u011fl\u0131k, mutluluk ve bereket dilemek i\u00e7in anlaml\u0131 bir hediye se\u00e7ene\u011fi.Geleneksel bir rit\u00fceli ya\u015fatmak ve k\u00fclt\u00fcrel miras\u0131 korumak i\u00e7in.\u015eans ve u\u011fur getirdi\u011fine inan\u0131lan bu \u00f6zel bilekli\u011fi takarak pozitif enerji yaymak i\u00e7in.<\/p>\n","protected":false},"excerpt":{"rendered":"<p>Marteni\u00e7ka Bileklik &#8211; Bahar\u0131n M\u00fcjdecisi, U\u011fur ve Sa\u011fl\u0131k Sembol\u00fc\u00a0Marteni\u00e7ka, bahar\u0131n geli\u015fini m\u00fcjdeleyen, geleneksel bir Balkan gelene\u011fi olan k\u0131rm\u0131z\u0131 ve beyaz iplerden \u00f6r\u00fclm\u00fc\u015f \u00f6zel bir bilekliktir. 1 Mart&#8217;tan itibaren tak\u0131lan bu bileklik, bahar\u0131n co\u015fkusunu ve yenilenmeyi simgeler. K\u0131rm\u0131z\u0131 renk sa\u011fl\u0131k ve g\u00fcc\u00fc, beyaz renk ise safl\u0131k ve uzun \u00f6mr\u00fc temsil eder.\u00d6zellikleri:\u00a0El Yap\u0131m\u0131:Her bir bileklik, geleneksel y\u00f6ntemlerle [&hellip;]<\/p>\n","protected":false},"featured_media":2959,"comment_status":"open","ping_status":"closed","template":"","meta":{"advanced_seo_description":"","jetpack_seo_html_title":"","jetpack_seo_noindex":false,"jetpack_publicize_message":"","jetpack_publicize_feature_enabled":true,"jetpack_social_post_already_shared":false,"jetpack_social_options":{"image_generator_settings":{"template":"highway","default_image_id":0,"font":"","enabled":false},"version":2}},"product_brand":[146],"product_cat":[22],"product_tag":[],"class_list":{"0":"post-2544","1":"product","2":"type-product","3":"status-publish","4":"has-post-thumbnail","6":"product_brand-aytens-taki","7":"product_cat-bileklik","9":"first","10":"instock","11":"taxable","12":"shipping-taxable","13":"purchasable","14":"product-type-simple"},"jetpack_publicize_connections":[],"jetpack_sharing_enabled":true,"_links":{"self":[{"href":"https:\/\/aytens.com\/magaza\/wp-json\/wp\/v2\/product\/2544","targetHints":{"allow":["GET"]}}],"collection":[{"href":"https:\/\/aytens.com\/magaza\/wp-json\/wp\/v2\/product"}],"about":[{"href":"https:\/\/aytens.com\/magaza\/wp-json\/wp\/v2\/types\/product"}],"replies":[{"embeddable":true,"href":"https:\/\/aytens.com\/magaza\/wp-json\/wp\/v2\/comments?post=2544"}],"wp:featuredmedia":[{"embeddable":true,"href":"https:\/\/aytens.com\/magaza\/wp-json\/wp\/v2\/media\/2959"}],"wp:attachment":[{"href":"https:\/\/aytens.com\/magaza\/wp-json\/wp\/v2\/media?parent=2544"}],"wp:term":[{"taxonomy":"product_brand","embeddable":true,"href":"https:\/\/aytens.com\/magaza\/wp-json\/wp\/v2\/product_brand?post=2544"},{"taxonomy":"product_cat","embeddable":true,"href":"https:\/\/aytens.com\/magaza\/wp-json\/wp\/v2\/product_cat?post=2544"},{"taxonomy":"product_tag","embeddable":true,"href":"https:\/\/aytens.com\/magaza\/wp-json\/wp\/v2\/product_tag?post=2544"}],"curies":[{"name":"wp","href":"https:\/\/api.w.org\/{rel}","templated":true}]}}